{"id":65,"date":"2023-06-05T14:14:24","date_gmt":"2023-06-05T14:14:24","guid":{"rendered":"https:\/\/smccafe.com.br\/en\/?page_id=65"},"modified":"2023-09-25T12:30:11","modified_gmt":"2023-09-25T12:30:11","slug":"our-origins","status":"publish","type":"page","link":"https:\/\/smccafe.com.br\/en\/our-origins\/","title":{"rendered":"Our Origins"},"content":{"rendered":"<p>[et_pb_section fb_built=&#8221;1&#8243; _builder_version=&#8221;4.21.0&#8243; _module_preset=&#8221;default&#8221; background_image=&#8221;https:\/\/smccafe.com.br\/en\/wp-content\/uploads\/2023\/06\/topo-origem-cafe.jpg&#8221; background_position=&#8221;top_center&#8221; background_vertical_offset=&#8221;17%&#8221; custom_padding=&#8221;0px||0px||false|false&#8221; global_colors_info=&#8221;{}&#8221;][et_pb_row custom_padding_last_edited=&#8221;on|tablet&#8221; _builder_version=&#8221;4.21.0&#8243; _module_preset=&#8221;default&#8221; custom_margin=&#8221;||||false|false&#8221; custom_margin_tablet=&#8221;||||false|false&#8221; custom_margin_phone=&#8221;||||false|false&#8221; custom_margin_last_edited=&#8221;on|tablet&#8221; custom_padding=&#8221;80px||80px||false|false&#8221; custom_padding_tablet=&#8221;50px||50px||false|false&#8221; custom_padding_phone=&#8221;20px||20px||false|false&#8221; global_colors_info=&#8221;{}&#8221;][et_pb_column type=&#8221;4_4&#8243; _builder_version=&#8221;4.21.0&#8243; _module_preset=&#8221;default&#8221; global_colors_info=&#8221;{}&#8221;][et_pb_text _builder_version=&#8221;4.21.0&#8243; _module_preset=&#8221;default&#8221; text_font=&#8221;Josefin Sans||||||||&#8221; text_text_color=&#8221;#fcf4e7&#8243; text_font_size=&#8221;50px&#8221; text_line_height=&#8221;1.2em&#8221; text_orientation=&#8221;center&#8221; custom_margin=&#8221;||0px||false|false&#8221; custom_padding=&#8221;||||false|false&#8221; text_font_size_tablet=&#8221;36px&#8221; text_font_size_phone=&#8221;29px&#8221; text_font_size_last_edited=&#8221;on|phone&#8221; global_colors_info=&#8221;{}&#8221;]<\/p>\n<p>THE BEST OF OUR LAND<\/p>\n<p>[\/et_pb_text][et_pb_text _builder_version=&#8221;4.21.0&#8243; _module_preset=&#8221;default&#8221; text_font=&#8221;|300|||||||&#8221; text_text_color=&#8221;#fcf4e7&#8243; text_line_height=&#8221;1.5em&#8221; text_orientation=&#8221;center&#8221; custom_margin=&#8221;||||false|false&#8221; text_font_size_tablet=&#8221;&#8221; text_font_size_phone=&#8221;15px&#8221; text_font_size_last_edited=&#8221;on|phone&#8221; global_colors_info=&#8221;{}&#8221;]<\/p>\n<p>We act in several regions of our country that are well-known for coffee production.<\/p>\n<p>[\/et_pb_text][\/et_pb_column][\/et_pb_row][\/et_pb_section][et_pb_section fb_built=&#8221;1&#8243; custom_padding_last_edited=&#8221;on|phone&#8221; _builder_version=&#8221;4.21.0&#8243; _module_preset=&#8221;default&#8221; background_color=&#8221;#fcf4e7&#8243; background_enable_image=&#8221;off&#8221; custom_margin=&#8221;||||false|false&#8221; custom_padding_tablet=&#8221;&#8221; custom_padding_phone=&#8221;0px||0px||false|false&#8221; global_colors_info=&#8221;{}&#8221;][et_pb_row column_structure=&#8221;3_5,2_5&#8243; make_equal=&#8221;on&#8221; custom_padding_last_edited=&#8221;on|phone&#8221; _builder_version=&#8221;4.21.0&#8243; _module_preset=&#8221;default&#8221; custom_margin=&#8221;||||false|false&#8221; custom_padding=&#8221;||0px||false|false&#8221; custom_padding_tablet=&#8221;||0px||false|false&#8221; custom_padding_phone=&#8221;||20px||false|false&#8221; global_colors_info=&#8221;{}&#8221;][et_pb_column type=&#8221;3_5&#8243; _builder_version=&#8221;4.20.4&#8243; _module_preset=&#8221;default&#8221; global_colors_info=&#8221;{}&#8221;][et_pb_image src=&#8221;https:\/\/smccafe.com.br\/en\/wp-content\/uploads\/2023\/06\/img-origem-cafe-smc-en.png&#8221; align_tablet=&#8221;center&#8221; align_phone=&#8221;center&#8221; align_last_edited=&#8221;on|tablet&#8221; _builder_version=&#8221;4.21.0&#8243; _module_preset=&#8221;default&#8221; global_colors_info=&#8221;{}&#8221;][\/et_pb_image][\/et_pb_column][et_pb_column type=&#8221;2_5&#8243; _builder_version=&#8221;4.21.0&#8243; _module_preset=&#8221;default&#8221; background_enable_color=&#8221;off&#8221; global_colors_info=&#8221;{}&#8221;][et_pb_text _builder_version=&#8221;4.21.0&#8243; _module_preset=&#8221;default&#8221; text_font=&#8221;|300|||||||&#8221; custom_margin=&#8221;80px||||false|false&#8221; custom_margin_tablet=&#8221;80px||||false|false&#8221; custom_margin_phone=&#8221;0px||||false|false&#8221; custom_margin_last_edited=&#8221;on|phone&#8221; text_font_size_tablet=&#8221;&#8221; text_font_size_phone=&#8221;15px&#8221; text_font_size_last_edited=&#8221;on|phone&#8221; global_colors_info=&#8221;{}&#8221;]<\/p>\n<p>With the commitment of our entire team and the assistance of the Cooxup\u00e9 service centers, we share knowledge about the production and marketing of specialty coffees, always in search of beans that are unique in flavor and history.<\/p>\n<p>[\/et_pb_text][\/et_pb_column][\/et_pb_row][\/et_pb_section][et_pb_section fb_built=&#8221;1&#8243; custom_padding_last_edited=&#8221;on|phone&#8221; _builder_version=&#8221;4.21.0&#8243; _module_preset=&#8221;default&#8221; background_color=&#8221;#fcf4e7&#8243; background_enable_image=&#8221;off&#8221; custom_margin=&#8221;||||false|false&#8221; custom_padding=&#8221;0px||||false|false&#8221; custom_padding_tablet=&#8221;0px||||false|false&#8221; custom_padding_phone=&#8221;0px||0px||false|false&#8221; global_colors_info=&#8221;{}&#8221;][et_pb_row column_structure=&#8221;1_2,1_2&#8243; use_custom_gutter=&#8221;on&#8221; gutter_width=&#8221;1&#8243; make_equal=&#8221;on&#8221; _builder_version=&#8221;4.21.0&#8243; _module_preset=&#8221;default&#8221; custom_padding=&#8221;0px||||false|false&#8221; global_colors_info=&#8221;{}&#8221;][et_pb_column type=&#8221;1_2&#8243; _builder_version=&#8221;4.20.4&#8243; _module_preset=&#8221;default&#8221; background_color=&#8221;#FFFFFF&#8221; global_colors_info=&#8221;{}&#8221;][et_pb_text _builder_version=&#8221;4.21.0&#8243; _module_preset=&#8221;default&#8221; text_font=&#8221;Josefin Sans||||||||&#8221; text_font_size=&#8221;32px&#8221; text_line_height=&#8221;1.2em&#8221; custom_margin=&#8221;30px|30px|20px|30px|false|false&#8221; text_font_size_tablet=&#8221;&#8221; text_font_size_phone=&#8221;20px&#8221; text_font_size_last_edited=&#8221;on|phone&#8221; global_colors_info=&#8221;{}&#8221;]<\/p>\n<p>TRANSPARENCY AND TRACEABILITY: THE ORIGINS OF THE BEST BRAZILIAN SPECIALTY COFFEES.<\/p>\n<p>[\/et_pb_text][et_pb_text _builder_version=&#8221;4.21.0&#8243; _module_preset=&#8221;default&#8221; text_font=&#8221;|300|||||||&#8221; custom_margin=&#8221;|30px|30px|30px|false|false&#8221; text_font_size_tablet=&#8221;&#8221; text_font_size_phone=&#8221;15px&#8221; text_font_size_last_edited=&#8221;on|phone&#8221; global_colors_info=&#8221;{}&#8221;]Our commitment is to be present &#8211; this is how we source the best Brazilian specialty coffees. Always valuing transparency, our traceability provides our clients with technical information, details of the properties and their activities, as well as photos and videos of the origin, processes and the producers.[\/et_pb_text][\/et_pb_column][et_pb_column type=&#8221;1_2&#8243; _builder_version=&#8221;4.20.4&#8243; _module_preset=&#8221;default&#8221; global_colors_info=&#8221;{}&#8221;][et_pb_image src=&#8221;https:\/\/smccafe.com.br\/en\/wp-content\/uploads\/2023\/06\/coxupe-cafes-especias3.jpg&#8221; align_tablet=&#8221;center&#8221; align_phone=&#8221;center&#8221; align_last_edited=&#8221;on|tablet&#8221; _builder_version=&#8221;4.21.0&#8243; _module_preset=&#8221;default&#8221; global_colors_info=&#8221;{}&#8221;][\/et_pb_image][\/et_pb_column][\/et_pb_row][\/et_pb_section][et_pb_section fb_built=&#8221;1&#8243; custom_padding_last_edited=&#8221;on|phone&#8221; _builder_version=&#8221;4.21.0&#8243; _module_preset=&#8221;default&#8221; background_color=&#8221;#fcf4e7&#8243; background_enable_image=&#8221;off&#8221; custom_margin=&#8221;||||false|false&#8221; custom_padding=&#8221;0px||0px||false|false&#8221; custom_padding_tablet=&#8221;&#8221; custom_padding_phone=&#8221;0px||0px||false|false&#8221; global_colors_info=&#8221;{}&#8221;][et_pb_row use_custom_gutter=&#8221;on&#8221; gutter_width=&#8221;1&#8243; custom_padding_last_edited=&#8221;on|phone&#8221; disabled_on=&#8221;off|off|off&#8221; _builder_version=&#8221;4.21.0&#8243; _module_preset=&#8221;default&#8221; width=&#8221;100%&#8221; max_width=&#8221;1920px&#8221; custom_padding=&#8221;0px||0px||false|false&#8221; custom_padding_tablet=&#8221;0px||0px||false|false&#8221; custom_padding_phone=&#8221;0px||0px||false|false&#8221; global_colors_info=&#8221;{}&#8221;][et_pb_column type=&#8221;4_4&#8243; _builder_version=&#8221;4.21.0&#8243; _module_preset=&#8221;default&#8221; custom_padding=&#8221;||||false|false&#8221; global_colors_info=&#8221;{}&#8221;][et_pb_image src=&#8221;https:\/\/smccafe.com.br\/en\/wp-content\/uploads\/2023\/09\/Mapa-SMS-Origens.jpg&#8221; _builder_version=&#8221;4.21.0&#8243; _module_preset=&#8221;default&#8221; hover_enabled=&#8221;0&#8243; global_colors_info=&#8221;{}&#8221; title_text=&#8221;Mapa-SMS-Origens&#8221; sticky_enabled=&#8221;0&#8243;][\/et_pb_image][\/et_pb_column][\/et_pb_row][\/et_pb_section][et_pb_section fb_built=&#8221;1&#8243; custom_padding_last_edited=&#8221;on|phone&#8221; _builder_version=&#8221;4.21.0&#8243; _module_preset=&#8221;default&#8221; background_color=&#8221;#fcf4e7&#8243; background_enable_image=&#8221;off&#8221; custom_margin=&#8221;||||false|false&#8221; custom_padding_tablet=&#8221;&#8221; custom_padding_phone=&#8221;0px||0px||false|false&#8221; global_colors_info=&#8221;{}&#8221;][et_pb_row make_equal=&#8221;on&#8221; custom_padding_last_edited=&#8221;on|phone&#8221; _builder_version=&#8221;4.21.0&#8243; _module_preset=&#8221;default&#8221; custom_margin=&#8221;||||false|false&#8221; custom_padding=&#8221;||||false|false&#8221; custom_padding_tablet=&#8221;||0px||false|false&#8221; custom_padding_phone=&#8221;20px||20px||false|false&#8221; global_colors_info=&#8221;{}&#8221;][et_pb_column type=&#8221;4_4&#8243; _builder_version=&#8221;4.21.0&#8243; _module_preset=&#8221;default&#8221; background_enable_color=&#8221;off&#8221; global_colors_info=&#8221;{}&#8221;][et_pb_text _builder_version=&#8221;4.21.0&#8243; _module_preset=&#8221;default&#8221; text_font=&#8221;|300|||||||&#8221; custom_margin=&#8221;||||false|false&#8221; text_font_size_tablet=&#8221;&#8221; text_font_size_phone=&#8221;15px&#8221; text_font_size_last_edited=&#8221;on|phone&#8221; global_colors_info=&#8221;{}&#8221;]<\/p>\n<p>Click here to know the characteristics of each region.<\/p>\n<p>[\/et_pb_text][et_pb_accordion open_toggle_text_color=&#8221;#231814&#8243; open_toggle_background_color=&#8221;rgba(237,225,203,0.38)&#8221; closed_toggle_text_color=&#8221;#231814&#8243; closed_toggle_background_color=&#8221;#ede1cb&#8221; icon_color=&#8221;#231814&#8243; _builder_version=&#8221;4.21.0&#8243; _module_preset=&#8221;default&#8221; toggle_text_color=&#8221;#231814&#8243; toggle_font=&#8221;|800|||||||&#8221; body_font=&#8221;|300|||||||&#8221; toggle_font_size_tablet=&#8221;&#8221; toggle_font_size_phone=&#8221;16px&#8221; toggle_font_size_last_edited=&#8221;on|phone&#8221; body_font_size_tablet=&#8221;&#8221; body_font_size_phone=&#8221;15px&#8221; body_font_size_last_edited=&#8221;on|phone&#8221; border_width_all=&#8221;0px&#8221; global_colors_info=&#8221;{}&#8221;][et_pb_accordion_item title=&#8221;SUL DE MINAS&#8221; open=&#8221;on&#8221; _builder_version=&#8221;4.21.0&#8243; _module_preset=&#8221;default&#8221; global_colors_info=&#8221;{}&#8221;]<img loading=\"lazy\" decoding=\"async\" src=\"https:\/\/smccafe.com.br\/en\/wp-content\/uploads\/2023\/06\/23-site-smc-origem-sul-300x225-1.jpeg\" width=\"300\" height=\"225\" alt=\"\" class=\"wp-image-549 alignleft size-medium\" \/>This is a large region with favorable topography and climate for the crop, with an average temperature around 20\u00b0 and altitudes ranging from 900 to 1300 meters. It\u2019s close to the border with S\u00e3o Paulo state, where the Cooxup\u00e9\u2019s headquarter and the SMC\u2019s office are located, in Guaxup\u00e9.[\/et_pb_accordion_item][et_pb_accordion_item title=&#8221;REGI\u00c3O VULC\u00c2NICA&#8221; _builder_version=&#8221;4.21.0&#8243; _module_preset=&#8221;default&#8221; global_colors_info=&#8221;{}&#8221; open=&#8221;off&#8221;]<\/p>\n<p><img loading=\"lazy\" decoding=\"async\" src=\"https:\/\/smccafe.com.br\/en\/wp-content\/uploads\/2023\/06\/24-site-smc-origem-vulcanica-300x200-1.jpg\" width=\"300\" height=\"200\" alt=\"\" class=\"wp-image-553 alignleft size-medium\" \/>The caldera of a volcano extinct 80 million years ago delimits the area of volcanic soil found between southern Minas Gerais and northeastern S\u00e3o Paulo, covering 12 municipalities and presenting a unique terroir due to its differentiated climate and relief characteristics, with altitudes that can reach up to 1.380 meters. The region is in the scope of Sul de Minas.<\/p>\n<p>[\/et_pb_accordion_item][et_pb_accordion_item title=&#8221;CERRADO MINEIRO&#8221; _builder_version=&#8221;4.21.0&#8243; _module_preset=&#8221;default&#8221; global_colors_info=&#8221;{}&#8221; open=&#8221;off&#8221;]<img loading=\"lazy\" decoding=\"async\" src=\"https:\/\/smccafe.com.br\/en\/wp-content\/uploads\/2023\/06\/25-site-smc-origem-cerrado-225x300-1.jpeg\" width=\"284\" height=\"379\" alt=\"\" class=\"wp-image-555 alignleft size-medium\" \/>The region was the first in Brazil to win the Denomination of Origin, and coffee production is of great importance. Coffee growers in the Cerrado who invested in quality were pioneers in the production of specialty coffees, ensuring traceability and excellent results in the cup. The climatic characteristics of the region propitiate a harvest season characterized by dry weather, which favors the processes. The region covers 55 municipalities in the Tri\u00e2ngulo Mineiro, Alto Parana\u00edba, and Northwest Minas.[\/et_pb_accordion_item][et_pb_accordion_item title=&#8221;M\u00c9DIA MOGIANA PAULISTA&#8221; _builder_version=&#8221;4.21.0&#8243; _module_preset=&#8221;default&#8221; global_colors_info=&#8221;{}&#8221; open=&#8221;off&#8221;]<img loading=\"lazy\" decoding=\"async\" src=\"https:\/\/smccafe.com.br\/en\/wp-content\/uploads\/2023\/06\/26-site-smc-origem-media-mogiana-300x200-1.jpg\" width=\"300\" height=\"200\" alt=\"\" class=\"wp-image-556 alignleft size-medium\" \/>With climate and altitudes favorable to the cultivation and quality of coffee, the region stands out for its mountainous relief. This is one of the reasons that limits the mechanization of harvests and culture procedures. The municipalities of Divinol\u00e2ndia, Caconde, Esp\u00edrito Santo do Pinhal, and S\u00e3o Jo\u00e3o da Boa Vista stand out in the production of specialty coffees.[\/et_pb_accordion_item][et_pb_accordion_item title=&#8221;ALTA MOGIANA PAULISTA&#8221; _builder_version=&#8221;4.21.0&#8243; _module_preset=&#8221;default&#8221; global_colors_info=&#8221;{}&#8221; open=&#8221;off&#8221;]<img loading=\"lazy\" decoding=\"async\" src=\"https:\/\/smccafe.com.br\/en\/wp-content\/uploads\/2023\/06\/27-site-smc-origem-alta-mogiana-300x200-1.jpg\" width=\"300\" height=\"200\" alt=\"\" class=\"wp-image-558 alignleft size-medium\" \/>Gathering 15 cities in the state of S\u00e3o Paulo, in the coffee producing centers of Franca, Pedregulho and Altin\u00f3polis, Alta Mogiana stands out for its traditional coffee growing with coffee plantations located on plateaus with subtle mountains. The average monthly temperatures are 21\u00b0C in summer and 17\u00b0C during winter, an important characteristic for the development of crops, providing high quality coffee.[\/et_pb_accordion_item][et_pb_accordion_item title=&#8221;CAMPO DAS VERTENTES&#8221; _builder_version=&#8221;4.21.0&#8243; _module_preset=&#8221;default&#8221; global_colors_info=&#8221;{}&#8221; open=&#8221;off&#8221;]<img loading=\"lazy\" decoding=\"async\" src=\"https:\/\/smccafe.com.br\/en\/wp-content\/uploads\/2023\/06\/28-site-smc-origem-vertentes-300x200-1.jpg\" width=\"300\" height=\"200\" alt=\"\" class=\"wp-image-559 alignleft size-medium\" \/>The region is formed by undulating plateaus, whose altitude ranges from 500 to 1,000m above sea level. To the east, Serra da Mantiqueira cuts through the sighting, with altitudes above 1,500m. The climate is mild, with cool and rainy summers and quite cold winters in the higher regions. These conditions favor coffee production. The region is represented by a total of 17 cities &#8211; Santo Ant\u00f4nio do Amparo is highlighted, for being known for its coffee production.[\/et_pb_accordion_item][et_pb_accordion_item title=&#8221;MATAS DE MINAS&#8221; _builder_version=&#8221;4.21.0&#8243; _module_preset=&#8221;default&#8221; global_colors_info=&#8221;{}&#8221; open=&#8221;off&#8221;]<img loading=\"lazy\" decoding=\"async\" src=\"https:\/\/smccafe.com.br\/en\/wp-content\/uploads\/2023\/06\/29-site-smc-origem-matas-300x135-1.jpeg\" width=\"300\" height=\"135\" alt=\"\" class=\"wp-image-560 alignleft size-medium\" \/>With a range of 64 towns located in the east of Minas Gerais, Matas de Minas occupies about 3% of the state&#8217;s area and has the Atlantic Forest as its main biome. The climate is predominantly tropical, characterized by dry winters and rains distributed between late spring and early fall. The average temperature varies between 18 and 22\u00b0 Celsius. The region has the predominance of soils with ideal conditions for water storage, drainage, and aeration, characteristics that are necessary for the development of the coffee system.[\/et_pb_accordion_item][et_pb_accordion_item title=&#8221;MANTIQUEIRA DE MINAS&#8221; _builder_version=&#8221;4.21.0&#8243; _module_preset=&#8221;default&#8221; global_colors_info=&#8221;{}&#8221; open=&#8221;off&#8221;]<img loading=\"lazy\" decoding=\"async\" src=\"https:\/\/smccafe.com.br\/en\/wp-content\/uploads\/2023\/06\/30-site-smc-origem-mantiqueira-300x200-1.jpg\" width=\"300\" height=\"200\" alt=\"\" class=\"wp-image-561 alignleft size-medium\" \/>The region is located on the Minas Gerais side of the Serra da Mantiqueira mountain range and has a centuries-old tradition of producing excellent coffees. One of the most awarded regions in Brazil, it is now recognized as a Denomination of Origin. With worldwide recognition and reputation, the coffees produced in Mantiqueira reflect the combination of a unique &#8220;terroir&#8221; and the local knowledge that has developed over the years in search of exceptional coffees.[\/et_pb_accordion_item][et_pb_accordion_item title=&#8221;SERRA DA CANASTRA&#8221; _builder_version=&#8221;4.21.0&#8243; _module_preset=&#8221;default&#8221; global_colors_info=&#8221;{}&#8221; open=&#8221;off&#8221;]<img loading=\"lazy\" decoding=\"async\" src=\"https:\/\/smccafe.com.br\/en\/wp-content\/uploads\/2023\/06\/31-site-smc-origem-canastra-225x300-1.jpeg\" width=\"269\" height=\"359\" alt=\"\" class=\"wp-image-562 alignleft size-medium\" \/>The Canastra Coffee Region is located around the Serra da Canastra National Park in the southeast of the state of Minas Gerais. The coffee plantations can be found on flattened surfaces at altitudes of up to 1,200 meters. The biome of the region is a mixture of Cerrado and Atlantic Forest, and, at the top of its main mountain chain, lays the spring of the S\u00e3o Francisco River, one of the most important rivers in Brazil.[\/et_pb_accordion_item][\/et_pb_accordion][\/et_pb_column][\/et_pb_row][\/et_pb_section][et_pb_section fb_built=&#8221;1&#8243; custom_padding_last_edited=&#8221;on|phone&#8221; _builder_version=&#8221;4.21.0&#8243; _module_preset=&#8221;default&#8221; background_enable_color=&#8221;off&#8221; background_enable_image=&#8221;off&#8221; custom_margin=&#8221;||||false|false&#8221; custom_padding=&#8221;0px||0px||false|false&#8221; custom_padding_tablet=&#8221;&#8221; custom_padding_phone=&#8221;0px||0px||false|false&#8221; global_colors_info=&#8221;{}&#8221;][et_pb_row column_structure=&#8221;1_3,1_3,1_3&#8243; use_custom_gutter=&#8221;on&#8221; gutter_width=&#8221;1&#8243; make_equal=&#8221;on&#8221; disabled_on=&#8221;off|off|off&#8221; _builder_version=&#8221;4.21.0&#8243; _module_preset=&#8221;default&#8221; width=&#8221;100%&#8221; max_width=&#8221;1920px&#8221; min_height=&#8221;524px&#8221; custom_margin=&#8221;||||false|false&#8221; custom_padding=&#8221;0px||0px||false|false&#8221; global_colors_info=&#8221;{}&#8221;][et_pb_column type=&#8221;1_3&#8243; _builder_version=&#8221;4.21.0&#8243; _module_preset=&#8221;default&#8221; background_image=&#8221;https:\/\/smccafe.com.br\/en\/wp-content\/uploads\/2023\/06\/img-sobre.jpg&#8221; background_last_edited=&#8221;on|tablet&#8221; background_position_tablet=&#8221;bottom_center&#8221; background_vertical_offset_tablet=&#8221;51%&#8221; global_colors_info=&#8221;{}&#8221;][et_pb_button button_url=&#8221;https:\/\/smccafe.com.br\/en\/institutional\/&#8221; button_text=&#8221;About Us&#8221; button_alignment=&#8221;center&#8221; _builder_version=&#8221;4.21.0&#8243; _module_preset=&#8221;default&#8221; custom_button=&#8221;on&#8221; button_text_color=&#8221;#FFFFFF&#8221; button_bg_color=&#8221;rgba(255,76,0,0.76)&#8221; button_border_width=&#8221;0px&#8221; button_use_icon=&#8221;off&#8221; custom_margin=&#8221;500px||||false|false&#8221; custom_margin_tablet=&#8221;250px||||false|false&#8221; custom_margin_phone=&#8221;250px||||false|false&#8221; custom_margin_last_edited=&#8221;on|desktop&#8221; custom_padding=&#8221;||||false|false&#8221; global_colors_info=&#8221;{}&#8221;][\/et_pb_button][\/et_pb_column][et_pb_column type=&#8221;1_3&#8243; _builder_version=&#8221;4.21.0&#8243; _module_preset=&#8221;default&#8221; background_image=&#8221;https:\/\/smccafe.com.br\/en\/wp-content\/uploads\/2023\/06\/img-especialissimo2.jpg&#8221; background_last_edited=&#8221;on|tablet&#8221; background_position_tablet=&#8221;top_center&#8221; background_vertical_offset_tablet=&#8221;48%&#8221; global_colors_info=&#8221;{}&#8221;][et_pb_button button_url=&#8221;https:\/\/smccafe.com.br\/en\/especialissimo-program\/&#8221; button_text=&#8221;Especial\u00edssimo Program&#8221; button_alignment=&#8221;center&#8221; _builder_version=&#8221;4.21.0&#8243; _module_preset=&#8221;default&#8221; custom_button=&#8221;on&#8221; button_text_color=&#8221;#FFFFFF&#8221; button_bg_color=&#8221;rgba(255,76,0,0.76)&#8221; button_border_width=&#8221;0px&#8221; button_use_icon=&#8221;off&#8221; custom_margin=&#8221;500px||||false|false&#8221; custom_margin_tablet=&#8221;250px||||false|false&#8221; custom_margin_phone=&#8221;250px||||false|false&#8221; custom_margin_last_edited=&#8221;on|desktop&#8221; custom_padding=&#8221;||||false|false&#8221; global_colors_info=&#8221;{}&#8221;][\/et_pb_button][\/et_pb_column][et_pb_column type=&#8221;1_3&#8243; _builder_version=&#8221;4.21.0&#8243; _module_preset=&#8221;default&#8221; background_image=&#8221;https:\/\/smccafe.com.br\/en\/wp-content\/uploads\/2023\/06\/img-donas-cafe2.jpg&#8221; background_last_edited=&#8221;on|tablet&#8221; background_position_tablet=&#8221;top_center&#8221; background_vertical_offset_tablet=&#8221;75%&#8221; global_colors_info=&#8221;{}&#8221;][et_pb_button button_url=&#8221;https:\/\/smccafe.com.br\/en\/donas-do-cafe-project\/&#8221; button_text=&#8221;Donas do Caf\u00e9 Project&#8221; button_alignment=&#8221;center&#8221; _builder_version=&#8221;4.21.0&#8243; _module_preset=&#8221;default&#8221; custom_button=&#8221;on&#8221; button_text_color=&#8221;#FFFFFF&#8221; button_bg_color=&#8221;rgba(255,76,0,0.76)&#8221; button_border_width=&#8221;0px&#8221; button_use_icon=&#8221;off&#8221; custom_margin=&#8221;500px||||false|false&#8221; custom_margin_tablet=&#8221;250px||||false|false&#8221; custom_margin_phone=&#8221;250px||||false|false&#8221; custom_margin_last_edited=&#8221;on|desktop&#8221; custom_padding=&#8221;||||false|false&#8221; global_colors_info=&#8221;{}&#8221;][\/et_pb_button][\/et_pb_column][\/et_pb_row][\/et_pb_section][et_pb_section fb_built=&#8221;1&#8243; custom_padding_last_edited=&#8221;on|phone&#8221; _builder_version=&#8221;4.21.0&#8243; _module_preset=&#8221;default&#8221; background_color=&#8221;#231814&#8243; background_enable_image=&#8221;off&#8221; parallax=&#8221;on&#8221; custom_margin=&#8221;||||false|false&#8221; custom_padding=&#8221;||0px||false|false&#8221; custom_padding_tablet=&#8221;&#8221; custom_padding_phone=&#8221;0px||0px||false|false&#8221; background_color_tablet=&#8221;#fcf4e7&#8243; background_last_edited=&#8221;off|desktop&#8221; background_enable_color_tablet=&#8221;on&#8221; use_background_color_gradient_tablet=&#8221;off&#8221; global_module=&#8221;269&#8243; global_colors_info=&#8221;{}&#8221;][et_pb_row make_equal=&#8221;on&#8221; _builder_version=&#8221;4.20.4&#8243; _module_preset=&#8221;default&#8221; custom_padding=&#8221;||||false|false&#8221; global_colors_info=&#8221;{}&#8221;][et_pb_column type=&#8221;4_4&#8243; _builder_version=&#8221;4.20.4&#8243; _module_preset=&#8221;default&#8221; background_enable_color=&#8221;off&#8221; global_colors_info=&#8221;{}&#8221;][et_pb_text _builder_version=&#8221;4.21.0&#8243; _module_preset=&#8221;default&#8221; text_font=&#8221;Josefin Sans||||||||&#8221; text_text_color=&#8221;#FFFFFF&#8221; text_font_size=&#8221;32px&#8221; text_line_height=&#8221;1.2em&#8221; text_orientation=&#8221;center&#8221; custom_margin=&#8221;||||false|false&#8221; custom_margin_tablet=&#8221;||||false|false&#8221; custom_margin_phone=&#8221;||0px||false|false&#8221; custom_margin_last_edited=&#8221;on|phone&#8221; text_font_size_tablet=&#8221;&#8221; text_font_size_phone=&#8221;20px&#8221; text_font_size_last_edited=&#8221;on|phone&#8221; text_orientation_tablet=&#8221;center&#8221; text_orientation_phone=&#8221;center&#8221; text_orientation_last_edited=&#8221;on|tablet&#8221; global_colors_info=&#8221;{}&#8221;]<\/p>\n<p>FOLLOW US ON INSTAGRAM<\/p>\n<p>[\/et_pb_text][et_pb_text _builder_version=&#8221;4.21.0&#8243; _module_preset=&#8221;default&#8221; text_font=&#8221;|300|||||||&#8221; text_text_color=&#8221;#FFFFFF&#8221; text_orientation=&#8221;center&#8221; custom_margin=&#8221;||||false|false&#8221; text_font_size_tablet=&#8221;&#8221; text_font_size_phone=&#8221;15px&#8221; text_font_size_last_edited=&#8221;on|phone&#8221; text_orientation_tablet=&#8221;center&#8221; text_orientation_phone=&#8221;center&#8221; text_orientation_last_edited=&#8221;on|tablet&#8221; global_colors_info=&#8221;{}&#8221;]Get to know more about the story and the passion behind the coffee production.[\/et_pb_text][\/et_pb_column][\/et_pb_row][et_pb_row use_custom_gutter=&#8221;on&#8221; _builder_version=&#8221;4.21.0&#8243; _module_preset=&#8221;default&#8221; width=&#8221;100%&#8221; max_width=&#8221;1920px&#8221; custom_padding=&#8221;0px||0px||false|false&#8221; global_colors_info=&#8221;{}&#8221;][et_pb_column type=&#8221;4_4&#8243; _builder_version=&#8221;4.21.0&#8243; _module_preset=&#8221;default&#8221; global_colors_info=&#8221;{}&#8221;][et_pb_code _builder_version=&#8221;4.21.0&#8243; _module_preset=&#8221;default&#8221; custom_padding=&#8221;||||false|false&#8221; global_colors_info=&#8221;{}&#8221;]\n<div id=\"sb_instagram\"  class=\"sbi sbi_mob_col_2 sbi_tab_col_2 sbi_col_4 sbi_width_resp\"\t data-feedid=\"*1\"  data-res=\"auto\" data-cols=\"4\" data-colsmobile=\"2\" data-colstablet=\"2\" data-num=\"4\" data-nummobile=\"4\" data-item-padding=\"0\"\t data-shortcode-atts=\"{&quot;feed&quot;:&quot;1&quot;}\"  data-postid=\"65\" data-locatornonce=\"8c010a6ae6\" data-imageaspectratio=\"1:1\" data-sbi-flags=\"favorLocal\">\n\t\n\t<div id=\"sbi_images\" >\n\t\t<div class=\"sbi_item sbi_type_image sbi_new sbi_transition\"\n\tid=\"sbi_18171738283408331\" data-date=\"1777636903\">\n\t<div class=\"sbi_photo_wrap\">\n\t\t<a class=\"sbi_photo\" href=\"https:\/\/www.instagram.com\/p\/DXy5jbMn5ti\/\" target=\"_blank\" rel=\"noopener nofollow\"\n\t\t\tdata-full-res=\"https:\/\/scontent-gru2-1.cdninstagram.com\/v\/t39.30808-6\/684976050_1595290525932570_6368135365026188732_n.jpg?stp=dst-jpg_e35_tt6&#038;_nc_cat=111&#038;ccb=7-5&#038;_nc_sid=18de74&#038;efg=eyJlZmdfdGFnIjoiRkVFRC5iZXN0X2ltYWdlX3VybGdlbi5DMyJ9&#038;_nc_ohc=PLtSP_9y_CgQ7kNvwEtWsIt&#038;_nc_oc=Ado8itKFmdQ_xmEAcMieHmy-z90F22Pms6tUIIiMzrZEssFLysG_PTDUXQYWuj2_XrQ&#038;_nc_zt=23&#038;_nc_ht=scontent-gru2-1.cdninstagram.com&#038;edm=ANo9K5cEAAAA&#038;_nc_gid=98uJly8_LCULdvH4AhTD0A&#038;_nc_tpa=Q5bMBQE6LpzGcCm7_Tc0p2Q-72Sqhn9WftIUb8fVXN0aIB_BepVBL6_I_WSK0LSYMGtLeV0MdbcfjrreVw&#038;oh=00_Af5h4e1vTKxWB2SHNyzJdPiBdUcWKFo_RN1DbCqyvBjqhg&#038;oe=69FA687F\"\n\t\t\tdata-img-src-set=\"{&quot;d&quot;:&quot;https:\\\/\\\/scontent-gru2-1.cdninstagram.com\\\/v\\\/t39.30808-6\\\/684976050_1595290525932570_6368135365026188732_n.jpg?stp=dst-jpg_e35_tt6&amp;_nc_cat=111&amp;ccb=7-5&amp;_nc_sid=18de74&amp;efg=eyJlZmdfdGFnIjoiRkVFRC5iZXN0X2ltYWdlX3VybGdlbi5DMyJ9&amp;_nc_ohc=PLtSP_9y_CgQ7kNvwEtWsIt&amp;_nc_oc=Ado8itKFmdQ_xmEAcMieHmy-z90F22Pms6tUIIiMzrZEssFLysG_PTDUXQYWuj2_XrQ&amp;_nc_zt=23&amp;_nc_ht=scontent-gru2-1.cdninstagram.com&amp;edm=ANo9K5cEAAAA&amp;_nc_gid=98uJly8_LCULdvH4AhTD0A&amp;_nc_tpa=Q5bMBQE6LpzGcCm7_Tc0p2Q-72Sqhn9WftIUb8fVXN0aIB_BepVBL6_I_WSK0LSYMGtLeV0MdbcfjrreVw&amp;oh=00_Af5h4e1vTKxWB2SHNyzJdPiBdUcWKFo_RN1DbCqyvBjqhg&amp;oe=69FA687F&quot;,&quot;150&quot;:&quot;https:\\\/\\\/scontent-gru2-1.cdninstagram.com\\\/v\\\/t39.30808-6\\\/684976050_1595290525932570_6368135365026188732_n.jpg?stp=dst-jpg_e35_tt6&amp;_nc_cat=111&amp;ccb=7-5&amp;_nc_sid=18de74&amp;efg=eyJlZmdfdGFnIjoiRkVFRC5iZXN0X2ltYWdlX3VybGdlbi5DMyJ9&amp;_nc_ohc=PLtSP_9y_CgQ7kNvwEtWsIt&amp;_nc_oc=Ado8itKFmdQ_xmEAcMieHmy-z90F22Pms6tUIIiMzrZEssFLysG_PTDUXQYWuj2_XrQ&amp;_nc_zt=23&amp;_nc_ht=scontent-gru2-1.cdninstagram.com&amp;edm=ANo9K5cEAAAA&amp;_nc_gid=98uJly8_LCULdvH4AhTD0A&amp;_nc_tpa=Q5bMBQE6LpzGcCm7_Tc0p2Q-72Sqhn9WftIUb8fVXN0aIB_BepVBL6_I_WSK0LSYMGtLeV0MdbcfjrreVw&amp;oh=00_Af5h4e1vTKxWB2SHNyzJdPiBdUcWKFo_RN1DbCqyvBjqhg&amp;oe=69FA687F&quot;,&quot;320&quot;:&quot;https:\\\/\\\/scontent-gru2-1.cdninstagram.com\\\/v\\\/t39.30808-6\\\/684976050_1595290525932570_6368135365026188732_n.jpg?stp=dst-jpg_e35_tt6&amp;_nc_cat=111&amp;ccb=7-5&amp;_nc_sid=18de74&amp;efg=eyJlZmdfdGFnIjoiRkVFRC5iZXN0X2ltYWdlX3VybGdlbi5DMyJ9&amp;_nc_ohc=PLtSP_9y_CgQ7kNvwEtWsIt&amp;_nc_oc=Ado8itKFmdQ_xmEAcMieHmy-z90F22Pms6tUIIiMzrZEssFLysG_PTDUXQYWuj2_XrQ&amp;_nc_zt=23&amp;_nc_ht=scontent-gru2-1.cdninstagram.com&amp;edm=ANo9K5cEAAAA&amp;_nc_gid=98uJly8_LCULdvH4AhTD0A&amp;_nc_tpa=Q5bMBQE6LpzGcCm7_Tc0p2Q-72Sqhn9WftIUb8fVXN0aIB_BepVBL6_I_WSK0LSYMGtLeV0MdbcfjrreVw&amp;oh=00_Af5h4e1vTKxWB2SHNyzJdPiBdUcWKFo_RN1DbCqyvBjqhg&amp;oe=69FA687F&quot;,&quot;640&quot;:&quot;https:\\\/\\\/scontent-gru2-1.cdninstagram.com\\\/v\\\/t39.30808-6\\\/684976050_1595290525932570_6368135365026188732_n.jpg?stp=dst-jpg_e35_tt6&amp;_nc_cat=111&amp;ccb=7-5&amp;_nc_sid=18de74&amp;efg=eyJlZmdfdGFnIjoiRkVFRC5iZXN0X2ltYWdlX3VybGdlbi5DMyJ9&amp;_nc_ohc=PLtSP_9y_CgQ7kNvwEtWsIt&amp;_nc_oc=Ado8itKFmdQ_xmEAcMieHmy-z90F22Pms6tUIIiMzrZEssFLysG_PTDUXQYWuj2_XrQ&amp;_nc_zt=23&amp;_nc_ht=scontent-gru2-1.cdninstagram.com&amp;edm=ANo9K5cEAAAA&amp;_nc_gid=98uJly8_LCULdvH4AhTD0A&amp;_nc_tpa=Q5bMBQE6LpzGcCm7_Tc0p2Q-72Sqhn9WftIUb8fVXN0aIB_BepVBL6_I_WSK0LSYMGtLeV0MdbcfjrreVw&amp;oh=00_Af5h4e1vTKxWB2SHNyzJdPiBdUcWKFo_RN1DbCqyvBjqhg&amp;oe=69FA687F&quot;}\">\n\t\t\t<span class=\"sbi-screenreader\">At SMC, specialty begins with people.\nBehind every<\/span>\n\t\t\t\t\t\t\t\t\t<img decoding=\"async\" src=\"https:\/\/smccafe.com.br\/en\/wp-content\/plugins\/instagram-feed\/img\/placeholder.png\" alt=\"At SMC, specialty begins with people.\nBehind every specialty coffee we share lies the powerful and meticulous work of dedicated cooperative members, along with a highly qualified team that spares no effort to ensure excellence both in the cup and in the processes that precede it. Recognizing these stories is about valuing the true origin of every bean. \n\nMay 1st - Labor Day\n\nNa SMC, o especial come\u00e7a pelas pessoas.\nPor tr\u00e1s de cada caf\u00e9 especial que compartilhamos existe o trabalho potente e minucioso de cooperadas e cooperados dedicados, e de uma equipe altamente qualificada que n\u00e3o mede esfor\u00e7os para garantir que a qualidade esteja tanto na x\u00edcara quanto nos processos que a antecedem. Reconhecer essas hist\u00f3rias \u00e9 valorizar a verdadeira origem de cada gr\u00e3o.\n\n01 de maio - Dia do Trabalho\n\n#specialtycoffees #coffee #cafesdobrasil\" aria-hidden=\"true\">\n\t\t<\/a>\n\t<\/div>\n<\/div><div class=\"sbi_item sbi_type_image sbi_new sbi_transition\"\n\tid=\"sbi_17929553397257147\" data-date=\"1777502754\">\n\t<div class=\"sbi_photo_wrap\">\n\t\t<a class=\"sbi_photo\" href=\"https:\/\/www.instagram.com\/p\/DXu5r6VlUQY\/\" target=\"_blank\" rel=\"noopener nofollow\"\n\t\t\tdata-full-res=\"https:\/\/scontent-gru1-2.cdninstagram.com\/v\/t39.30808-6\/683964595_1594470239347932_1968585034564545631_n.jpg?stp=dst-jpg_e35_tt6&#038;_nc_cat=100&#038;ccb=7-5&#038;_nc_sid=18de74&#038;efg=eyJlZmdfdGFnIjoiRkVFRC5iZXN0X2ltYWdlX3VybGdlbi5DMyJ9&#038;_nc_ohc=xgMRHHQD250Q7kNvwHyANsi&#038;_nc_oc=AdplAkXpBxcxtY8IXs5lME8PcHF3z5eC020ffcX3lF5RpNJy1AZu31TfZw7Mo2Z4dU8&#038;_nc_zt=23&#038;_nc_ht=scontent-gru1-2.cdninstagram.com&#038;edm=ANo9K5cEAAAA&#038;_nc_gid=98uJly8_LCULdvH4AhTD0A&#038;_nc_tpa=Q5bMBQGZlibJqT3aRP0XwwXBKtsjMvDfRIhpbgHSTGaxh9v-Tj4KnDNf5WTKdFQDzfIXMQhio4gBBLCi_w&#038;oh=00_Af6I5wL1HLdgl-Pwzo0UOOKPkFS_EpDSWsCmGEgiA9lbZQ&#038;oe=69FA66B0\"\n\t\t\tdata-img-src-set=\"{&quot;d&quot;:&quot;https:\\\/\\\/scontent-gru1-2.cdninstagram.com\\\/v\\\/t39.30808-6\\\/683964595_1594470239347932_1968585034564545631_n.jpg?stp=dst-jpg_e35_tt6&amp;_nc_cat=100&amp;ccb=7-5&amp;_nc_sid=18de74&amp;efg=eyJlZmdfdGFnIjoiRkVFRC5iZXN0X2ltYWdlX3VybGdlbi5DMyJ9&amp;_nc_ohc=xgMRHHQD250Q7kNvwHyANsi&amp;_nc_oc=AdplAkXpBxcxtY8IXs5lME8PcHF3z5eC020ffcX3lF5RpNJy1AZu31TfZw7Mo2Z4dU8&amp;_nc_zt=23&amp;_nc_ht=scontent-gru1-2.cdninstagram.com&amp;edm=ANo9K5cEAAAA&amp;_nc_gid=98uJly8_LCULdvH4AhTD0A&amp;_nc_tpa=Q5bMBQGZlibJqT3aRP0XwwXBKtsjMvDfRIhpbgHSTGaxh9v-Tj4KnDNf5WTKdFQDzfIXMQhio4gBBLCi_w&amp;oh=00_Af6I5wL1HLdgl-Pwzo0UOOKPkFS_EpDSWsCmGEgiA9lbZQ&amp;oe=69FA66B0&quot;,&quot;150&quot;:&quot;https:\\\/\\\/scontent-gru1-2.cdninstagram.com\\\/v\\\/t39.30808-6\\\/683964595_1594470239347932_1968585034564545631_n.jpg?stp=dst-jpg_e35_tt6&amp;_nc_cat=100&amp;ccb=7-5&amp;_nc_sid=18de74&amp;efg=eyJlZmdfdGFnIjoiRkVFRC5iZXN0X2ltYWdlX3VybGdlbi5DMyJ9&amp;_nc_ohc=xgMRHHQD250Q7kNvwHyANsi&amp;_nc_oc=AdplAkXpBxcxtY8IXs5lME8PcHF3z5eC020ffcX3lF5RpNJy1AZu31TfZw7Mo2Z4dU8&amp;_nc_zt=23&amp;_nc_ht=scontent-gru1-2.cdninstagram.com&amp;edm=ANo9K5cEAAAA&amp;_nc_gid=98uJly8_LCULdvH4AhTD0A&amp;_nc_tpa=Q5bMBQGZlibJqT3aRP0XwwXBKtsjMvDfRIhpbgHSTGaxh9v-Tj4KnDNf5WTKdFQDzfIXMQhio4gBBLCi_w&amp;oh=00_Af6I5wL1HLdgl-Pwzo0UOOKPkFS_EpDSWsCmGEgiA9lbZQ&amp;oe=69FA66B0&quot;,&quot;320&quot;:&quot;https:\\\/\\\/scontent-gru1-2.cdninstagram.com\\\/v\\\/t39.30808-6\\\/683964595_1594470239347932_1968585034564545631_n.jpg?stp=dst-jpg_e35_tt6&amp;_nc_cat=100&amp;ccb=7-5&amp;_nc_sid=18de74&amp;efg=eyJlZmdfdGFnIjoiRkVFRC5iZXN0X2ltYWdlX3VybGdlbi5DMyJ9&amp;_nc_ohc=xgMRHHQD250Q7kNvwHyANsi&amp;_nc_oc=AdplAkXpBxcxtY8IXs5lME8PcHF3z5eC020ffcX3lF5RpNJy1AZu31TfZw7Mo2Z4dU8&amp;_nc_zt=23&amp;_nc_ht=scontent-gru1-2.cdninstagram.com&amp;edm=ANo9K5cEAAAA&amp;_nc_gid=98uJly8_LCULdvH4AhTD0A&amp;_nc_tpa=Q5bMBQGZlibJqT3aRP0XwwXBKtsjMvDfRIhpbgHSTGaxh9v-Tj4KnDNf5WTKdFQDzfIXMQhio4gBBLCi_w&amp;oh=00_Af6I5wL1HLdgl-Pwzo0UOOKPkFS_EpDSWsCmGEgiA9lbZQ&amp;oe=69FA66B0&quot;,&quot;640&quot;:&quot;https:\\\/\\\/scontent-gru1-2.cdninstagram.com\\\/v\\\/t39.30808-6\\\/683964595_1594470239347932_1968585034564545631_n.jpg?stp=dst-jpg_e35_tt6&amp;_nc_cat=100&amp;ccb=7-5&amp;_nc_sid=18de74&amp;efg=eyJlZmdfdGFnIjoiRkVFRC5iZXN0X2ltYWdlX3VybGdlbi5DMyJ9&amp;_nc_ohc=xgMRHHQD250Q7kNvwHyANsi&amp;_nc_oc=AdplAkXpBxcxtY8IXs5lME8PcHF3z5eC020ffcX3lF5RpNJy1AZu31TfZw7Mo2Z4dU8&amp;_nc_zt=23&amp;_nc_ht=scontent-gru1-2.cdninstagram.com&amp;edm=ANo9K5cEAAAA&amp;_nc_gid=98uJly8_LCULdvH4AhTD0A&amp;_nc_tpa=Q5bMBQGZlibJqT3aRP0XwwXBKtsjMvDfRIhpbgHSTGaxh9v-Tj4KnDNf5WTKdFQDzfIXMQhio4gBBLCi_w&amp;oh=00_Af6I5wL1HLdgl-Pwzo0UOOKPkFS_EpDSWsCmGEgiA9lbZQ&amp;oe=69FA66B0&quot;}\">\n\t\t\t<span class=\"sbi-screenreader\">From field selection to the sensory curation of ea<\/span>\n\t\t\t\t\t\t\t\t\t<img decoding=\"async\" src=\"https:\/\/smccafe.com.br\/en\/wp-content\/plugins\/instagram-feed\/img\/placeholder.png\" alt=\"From field selection to the sensory curation of each lot, attention to detail is present at every step of our work.\nThis is how we ensure consistency, traceability, and quality in coffees that carry the identity of Brazilian producing families \u2615 \n\nDa sele\u00e7\u00e3o no campo \u00e0 curadoria sensorial de cada lote, a aten\u00e7\u00e3o aos detalhes faz parte de todas as etapas do nosso trabalho. \u00c9 assim que garantimos consist\u00eancia, rastreabilidade e qualidade em caf\u00e9s que carregam a identidade das fam\u00edlias produtoras brasileiras \u2615 \n\n#specialtycoffees #coffee #cafesdobrasil\" aria-hidden=\"true\">\n\t\t<\/a>\n\t<\/div>\n<\/div><div class=\"sbi_item sbi_type_carousel sbi_new sbi_transition\"\n\tid=\"sbi_18007460867708604\" data-date=\"1777314540\">\n\t<div class=\"sbi_photo_wrap\">\n\t\t<a class=\"sbi_photo\" href=\"https:\/\/www.instagram.com\/p\/DXpSslPE0G-\/\" target=\"_blank\" rel=\"noopener nofollow\"\n\t\t\tdata-full-res=\"https:\/\/scontent-gru1-1.cdninstagram.com\/v\/t39.30808-6\/680663921_1592515939543362_7784660640392494554_n.jpg?stp=dst-jpg_e35_tt6&#038;_nc_cat=104&#038;ccb=7-5&#038;_nc_sid=18de74&#038;efg=eyJlZmdfdGFnIjoiQ0FST1VTRUxfSVRFTS5iZXN0X2ltYWdlX3VybGdlbi5DMyJ9&#038;_nc_ohc=XqBOs4Ws__UQ7kNvwHbcW6_&#038;_nc_oc=AdrW9i3MNnC4FRm_iSGiSISy1SIRU2NHRPGiLb-br4zwpFooXiddMXgn1hmN2CqkXIo&#038;_nc_zt=23&#038;_nc_ht=scontent-gru1-1.cdninstagram.com&#038;edm=ANo9K5cEAAAA&#038;_nc_gid=98uJly8_LCULdvH4AhTD0A&#038;_nc_tpa=Q5bMBQFgvLEEVPGN1UJu6xrY8nAkX-7Dbbt7ME8C69nc--JE_qywIWwCAVVMH4oolNHA0V8rotbEkC-a2A&#038;oh=00_Af6pQRsk206M1plFaQPK5J-A_L_tp5cyGF1gYpRWBEbPfQ&#038;oe=69FA8852\"\n\t\t\tdata-img-src-set=\"{&quot;d&quot;:&quot;https:\\\/\\\/scontent-gru1-1.cdninstagram.com\\\/v\\\/t39.30808-6\\\/680663921_1592515939543362_7784660640392494554_n.jpg?stp=dst-jpg_e35_tt6&amp;_nc_cat=104&amp;ccb=7-5&amp;_nc_sid=18de74&amp;efg=eyJlZmdfdGFnIjoiQ0FST1VTRUxfSVRFTS5iZXN0X2ltYWdlX3VybGdlbi5DMyJ9&amp;_nc_ohc=XqBOs4Ws__UQ7kNvwHbcW6_&amp;_nc_oc=AdrW9i3MNnC4FRm_iSGiSISy1SIRU2NHRPGiLb-br4zwpFooXiddMXgn1hmN2CqkXIo&amp;_nc_zt=23&amp;_nc_ht=scontent-gru1-1.cdninstagram.com&amp;edm=ANo9K5cEAAAA&amp;_nc_gid=98uJly8_LCULdvH4AhTD0A&amp;_nc_tpa=Q5bMBQFgvLEEVPGN1UJu6xrY8nAkX-7Dbbt7ME8C69nc--JE_qywIWwCAVVMH4oolNHA0V8rotbEkC-a2A&amp;oh=00_Af6pQRsk206M1plFaQPK5J-A_L_tp5cyGF1gYpRWBEbPfQ&amp;oe=69FA8852&quot;,&quot;150&quot;:&quot;https:\\\/\\\/scontent-gru1-1.cdninstagram.com\\\/v\\\/t39.30808-6\\\/680663921_1592515939543362_7784660640392494554_n.jpg?stp=dst-jpg_e35_tt6&amp;_nc_cat=104&amp;ccb=7-5&amp;_nc_sid=18de74&amp;efg=eyJlZmdfdGFnIjoiQ0FST1VTRUxfSVRFTS5iZXN0X2ltYWdlX3VybGdlbi5DMyJ9&amp;_nc_ohc=XqBOs4Ws__UQ7kNvwHbcW6_&amp;_nc_oc=AdrW9i3MNnC4FRm_iSGiSISy1SIRU2NHRPGiLb-br4zwpFooXiddMXgn1hmN2CqkXIo&amp;_nc_zt=23&amp;_nc_ht=scontent-gru1-1.cdninstagram.com&amp;edm=ANo9K5cEAAAA&amp;_nc_gid=98uJly8_LCULdvH4AhTD0A&amp;_nc_tpa=Q5bMBQFgvLEEVPGN1UJu6xrY8nAkX-7Dbbt7ME8C69nc--JE_qywIWwCAVVMH4oolNHA0V8rotbEkC-a2A&amp;oh=00_Af6pQRsk206M1plFaQPK5J-A_L_tp5cyGF1gYpRWBEbPfQ&amp;oe=69FA8852&quot;,&quot;320&quot;:&quot;https:\\\/\\\/scontent-gru1-1.cdninstagram.com\\\/v\\\/t39.30808-6\\\/680663921_1592515939543362_7784660640392494554_n.jpg?stp=dst-jpg_e35_tt6&amp;_nc_cat=104&amp;ccb=7-5&amp;_nc_sid=18de74&amp;efg=eyJlZmdfdGFnIjoiQ0FST1VTRUxfSVRFTS5iZXN0X2ltYWdlX3VybGdlbi5DMyJ9&amp;_nc_ohc=XqBOs4Ws__UQ7kNvwHbcW6_&amp;_nc_oc=AdrW9i3MNnC4FRm_iSGiSISy1SIRU2NHRPGiLb-br4zwpFooXiddMXgn1hmN2CqkXIo&amp;_nc_zt=23&amp;_nc_ht=scontent-gru1-1.cdninstagram.com&amp;edm=ANo9K5cEAAAA&amp;_nc_gid=98uJly8_LCULdvH4AhTD0A&amp;_nc_tpa=Q5bMBQFgvLEEVPGN1UJu6xrY8nAkX-7Dbbt7ME8C69nc--JE_qywIWwCAVVMH4oolNHA0V8rotbEkC-a2A&amp;oh=00_Af6pQRsk206M1plFaQPK5J-A_L_tp5cyGF1gYpRWBEbPfQ&amp;oe=69FA8852&quot;,&quot;640&quot;:&quot;https:\\\/\\\/scontent-gru1-1.cdninstagram.com\\\/v\\\/t39.30808-6\\\/680663921_1592515939543362_7784660640392494554_n.jpg?stp=dst-jpg_e35_tt6&amp;_nc_cat=104&amp;ccb=7-5&amp;_nc_sid=18de74&amp;efg=eyJlZmdfdGFnIjoiQ0FST1VTRUxfSVRFTS5iZXN0X2ltYWdlX3VybGdlbi5DMyJ9&amp;_nc_ohc=XqBOs4Ws__UQ7kNvwHbcW6_&amp;_nc_oc=AdrW9i3MNnC4FRm_iSGiSISy1SIRU2NHRPGiLb-br4zwpFooXiddMXgn1hmN2CqkXIo&amp;_nc_zt=23&amp;_nc_ht=scontent-gru1-1.cdninstagram.com&amp;edm=ANo9K5cEAAAA&amp;_nc_gid=98uJly8_LCULdvH4AhTD0A&amp;_nc_tpa=Q5bMBQFgvLEEVPGN1UJu6xrY8nAkX-7Dbbt7ME8C69nc--JE_qywIWwCAVVMH4oolNHA0V8rotbEkC-a2A&amp;oh=00_Af6pQRsk206M1plFaQPK5J-A_L_tp5cyGF1gYpRWBEbPfQ&amp;oe=69FA8852&quot;}\">\n\t\t\t<span class=\"sbi-screenreader\">Our specialty coffees represent the diversity of B<\/span>\n\t\t\t<svg class=\"svg-inline--fa fa-clone fa-w-16 sbi_lightbox_carousel_icon\" aria-hidden=\"true\" aria-label=\"Clone\" data-fa-pro\u0192cessed=\"\" data-prefix=\"far\" data-icon=\"clone\" role=\"img\" xmlns=\"http:\/\/www.w3.org\/2000\/svg\" viewBox=\"0 0 512 512\">\n                    <path fill=\"currentColor\" d=\"M464 0H144c-26.51 0-48 21.49-48 48v48H48c-26.51 0-48 21.49-48 48v320c0 26.51 21.49 48 48 48h320c26.51 0 48-21.49 48-48v-48h48c26.51 0 48-21.49 48-48V48c0-26.51-21.49-48-48-48zM362 464H54a6 6 0 0 1-6-6V150a6 6 0 0 1 6-6h42v224c0 26.51 21.49 48 48 48h224v42a6 6 0 0 1-6 6zm96-96H150a6 6 0 0 1-6-6V54a6 6 0 0 1 6-6h308a6 6 0 0 1 6 6v308a6 6 0 0 1-6 6z\"><\/path>\n                <\/svg>\t\t\t\t\t\t<img decoding=\"async\" src=\"https:\/\/smccafe.com.br\/en\/wp-content\/plugins\/instagram-feed\/img\/placeholder.png\" alt=\"Our specialty coffees represent the diversity of Brazilian terroirs and the dedicated work of the cooperative families who build this story every day. With internationally recognized quality, each lot expresses the true value of our origin. From our land to the world \ud83c\udf0e \n\nNossos caf\u00e9s especiais representam a diversidade dos terroirs brasileiros e o trabalho dedicado das fam\u00edlias cooperadas que constroem essa hist\u00f3ria todos os dias. Com qualidade reconhecida internacionalmente, cada lote expressa o verdadeiro valor da nossa origem. Da nossa terra para o mundo \ud83c\udf0e \n\n#specialtycoffees #coffee #cafesdobrasil\" aria-hidden=\"true\">\n\t\t<\/a>\n\t<\/div>\n<\/div><div class=\"sbi_item sbi_type_carousel sbi_new sbi_transition\"\n\tid=\"sbi_18071336384301601\" data-date=\"1777066200\">\n\t<div class=\"sbi_photo_wrap\">\n\t\t<a class=\"sbi_photo\" href=\"https:\/\/www.instagram.com\/p\/DXh5CYdiV8x\/\" target=\"_blank\" rel=\"noopener nofollow\"\n\t\t\tdata-full-res=\"https:\/\/scontent-gru1-2.cdninstagram.com\/v\/t51.82787-15\/660405476_18409387312180535_4817545299897437997_n.jpg?stp=dst-jpg_e35_tt6&#038;_nc_cat=100&#038;ccb=7-5&#038;_nc_sid=18de74&#038;efg=eyJlZmdfdGFnIjoiQ0FST1VTRUxfSVRFTS5iZXN0X2ltYWdlX3VybGdlbi5DMyJ9&#038;_nc_ohc=L52pPYOrYsMQ7kNvwFrCYSU&#038;_nc_oc=Ado-pE4T8DxC9R7nUFarVX5zXKFkRf1S8ebIYl3g7tHTXLmuycasktnI0TG2qmdPF_Y&#038;_nc_zt=23&#038;_nc_ht=scontent-gru1-2.cdninstagram.com&#038;edm=ANo9K5cEAAAA&#038;_nc_gid=98uJly8_LCULdvH4AhTD0A&#038;_nc_tpa=Q5bMBQHruhbUVmC000CrP0r5h-Ugy3hihEbuomVOkANEhUoYDmIYSxZrSOvU8Iubr0cuzWEYtin7IA61ww&#038;oh=00_Af7Iog_ia-rbxBZERHTesDsmxEW9QIJWb2iUB7VUQXMgYw&#038;oe=69FA9294\"\n\t\t\tdata-img-src-set=\"{&quot;d&quot;:&quot;https:\\\/\\\/scontent-gru1-2.cdninstagram.com\\\/v\\\/t51.82787-15\\\/660405476_18409387312180535_4817545299897437997_n.jpg?stp=dst-jpg_e35_tt6&amp;_nc_cat=100&amp;ccb=7-5&amp;_nc_sid=18de74&amp;efg=eyJlZmdfdGFnIjoiQ0FST1VTRUxfSVRFTS5iZXN0X2ltYWdlX3VybGdlbi5DMyJ9&amp;_nc_ohc=L52pPYOrYsMQ7kNvwFrCYSU&amp;_nc_oc=Ado-pE4T8DxC9R7nUFarVX5zXKFkRf1S8ebIYl3g7tHTXLmuycasktnI0TG2qmdPF_Y&amp;_nc_zt=23&amp;_nc_ht=scontent-gru1-2.cdninstagram.com&amp;edm=ANo9K5cEAAAA&amp;_nc_gid=98uJly8_LCULdvH4AhTD0A&amp;_nc_tpa=Q5bMBQHruhbUVmC000CrP0r5h-Ugy3hihEbuomVOkANEhUoYDmIYSxZrSOvU8Iubr0cuzWEYtin7IA61ww&amp;oh=00_Af7Iog_ia-rbxBZERHTesDsmxEW9QIJWb2iUB7VUQXMgYw&amp;oe=69FA9294&quot;,&quot;150&quot;:&quot;https:\\\/\\\/scontent-gru1-2.cdninstagram.com\\\/v\\\/t51.82787-15\\\/660405476_18409387312180535_4817545299897437997_n.jpg?stp=dst-jpg_e35_tt6&amp;_nc_cat=100&amp;ccb=7-5&amp;_nc_sid=18de74&amp;efg=eyJlZmdfdGFnIjoiQ0FST1VTRUxfSVRFTS5iZXN0X2ltYWdlX3VybGdlbi5DMyJ9&amp;_nc_ohc=L52pPYOrYsMQ7kNvwFrCYSU&amp;_nc_oc=Ado-pE4T8DxC9R7nUFarVX5zXKFkRf1S8ebIYl3g7tHTXLmuycasktnI0TG2qmdPF_Y&amp;_nc_zt=23&amp;_nc_ht=scontent-gru1-2.cdninstagram.com&amp;edm=ANo9K5cEAAAA&amp;_nc_gid=98uJly8_LCULdvH4AhTD0A&amp;_nc_tpa=Q5bMBQHruhbUVmC000CrP0r5h-Ugy3hihEbuomVOkANEhUoYDmIYSxZrSOvU8Iubr0cuzWEYtin7IA61ww&amp;oh=00_Af7Iog_ia-rbxBZERHTesDsmxEW9QIJWb2iUB7VUQXMgYw&amp;oe=69FA9294&quot;,&quot;320&quot;:&quot;https:\\\/\\\/scontent-gru1-2.cdninstagram.com\\\/v\\\/t51.82787-15\\\/660405476_18409387312180535_4817545299897437997_n.jpg?stp=dst-jpg_e35_tt6&amp;_nc_cat=100&amp;ccb=7-5&amp;_nc_sid=18de74&amp;efg=eyJlZmdfdGFnIjoiQ0FST1VTRUxfSVRFTS5iZXN0X2ltYWdlX3VybGdlbi5DMyJ9&amp;_nc_ohc=L52pPYOrYsMQ7kNvwFrCYSU&amp;_nc_oc=Ado-pE4T8DxC9R7nUFarVX5zXKFkRf1S8ebIYl3g7tHTXLmuycasktnI0TG2qmdPF_Y&amp;_nc_zt=23&amp;_nc_ht=scontent-gru1-2.cdninstagram.com&amp;edm=ANo9K5cEAAAA&amp;_nc_gid=98uJly8_LCULdvH4AhTD0A&amp;_nc_tpa=Q5bMBQHruhbUVmC000CrP0r5h-Ugy3hihEbuomVOkANEhUoYDmIYSxZrSOvU8Iubr0cuzWEYtin7IA61ww&amp;oh=00_Af7Iog_ia-rbxBZERHTesDsmxEW9QIJWb2iUB7VUQXMgYw&amp;oe=69FA9294&quot;,&quot;640&quot;:&quot;https:\\\/\\\/scontent-gru1-2.cdninstagram.com\\\/v\\\/t51.82787-15\\\/660405476_18409387312180535_4817545299897437997_n.jpg?stp=dst-jpg_e35_tt6&amp;_nc_cat=100&amp;ccb=7-5&amp;_nc_sid=18de74&amp;efg=eyJlZmdfdGFnIjoiQ0FST1VTRUxfSVRFTS5iZXN0X2ltYWdlX3VybGdlbi5DMyJ9&amp;_nc_ohc=L52pPYOrYsMQ7kNvwFrCYSU&amp;_nc_oc=Ado-pE4T8DxC9R7nUFarVX5zXKFkRf1S8ebIYl3g7tHTXLmuycasktnI0TG2qmdPF_Y&amp;_nc_zt=23&amp;_nc_ht=scontent-gru1-2.cdninstagram.com&amp;edm=ANo9K5cEAAAA&amp;_nc_gid=98uJly8_LCULdvH4AhTD0A&amp;_nc_tpa=Q5bMBQHruhbUVmC000CrP0r5h-Ugy3hihEbuomVOkANEhUoYDmIYSxZrSOvU8Iubr0cuzWEYtin7IA61ww&amp;oh=00_Af7Iog_ia-rbxBZERHTesDsmxEW9QIJWb2iUB7VUQXMgYw&amp;oe=69FA9294&quot;}\">\n\t\t\t<span class=\"sbi-screenreader\">World of Coffee San Diego 2026 \u2013 a highly importan<\/span>\n\t\t\t<svg class=\"svg-inline--fa fa-clone fa-w-16 sbi_lightbox_carousel_icon\" aria-hidden=\"true\" aria-label=\"Clone\" data-fa-pro\u0192cessed=\"\" data-prefix=\"far\" data-icon=\"clone\" role=\"img\" xmlns=\"http:\/\/www.w3.org\/2000\/svg\" viewBox=\"0 0 512 512\">\n                    <path fill=\"currentColor\" d=\"M464 0H144c-26.51 0-48 21.49-48 48v48H48c-26.51 0-48 21.49-48 48v320c0 26.51 21.49 48 48 48h320c26.51 0 48-21.49 48-48v-48h48c26.51 0 48-21.49 48-48V48c0-26.51-21.49-48-48-48zM362 464H54a6 6 0 0 1-6-6V150a6 6 0 0 1 6-6h42v224c0 26.51 21.49 48 48 48h224v42a6 6 0 0 1-6 6zm96-96H150a6 6 0 0 1-6-6V54a6 6 0 0 1 6-6h308a6 6 0 0 1 6 6v308a6 6 0 0 1-6 6z\"><\/path>\n                <\/svg>\t\t\t\t\t\t<img decoding=\"async\" src=\"https:\/\/smccafe.com.br\/en\/wp-content\/plugins\/instagram-feed\/img\/placeholder.png\" alt=\"World of Coffee San Diego 2026 \u2013 a highly important event for our sector, fostering valuable connections and broadening the overall view of the market. Representing our team were Yana Guimar\u00e3es (Trader) and Maria Dirceia Mendes (Trading Manager), who, after attending 18 editions of the event, highlights a clear evolution toward greater consumer presence, with increasing interest in specialty coffee.\n\nOur special thanks to Fairwave Collective and @theroasterie for the partnership and for sharing this moment alongside our long-time partner producer, Adolfo Vieira Ferreira, from Fazendas Passeio and Lagoa \u2615\n\nWorld of Coffee San Diego 2026 \u2013 feira de extrema import\u00e2ncia para o nosso setor, que promove conex\u00f5es valiosas e amplia a vis\u00e3o sobre o mercado. Representando nossa equipe, participaram Yana Guimar\u00e3es (trader) e Maria Dirceia Mendes (gerente comercial) que, ap\u00f3s 18 edi\u00e7\u00f5es do evento, destaca uma evolu\u00e7\u00e3o clara rumo a uma maior presen\u00e7a do p\u00fablico consumidor, cada vez mais interessado em caf\u00e9s especiais.\n\nNosso agradecimento especial \u00e0 Fairwave Collective e \u00e0 The Roasterie pela parceria, e por compartilharem esse momento ao lado do nosso produtor parceiro de longa data, Adolfo Vieira Ferreira, das Fazendas Passeio e Lagoa \u2615\n\n#specialtycoffee #worldofcoffeesandiego #coffee\" aria-hidden=\"true\">\n\t\t<\/a>\n\t<\/div>\n<\/div>\t<\/div>\n\n\t<div id=\"sbi_load\" >\n\n\t\n\t\n<\/div>\n\t\t<span class=\"sbi_resized_image_data\" data-feed-id=\"*1\"\n\t\t  data-resized=\"{&quot;18071336384301601&quot;:{&quot;id&quot;:&quot;660405476_18409387312180535_4817545299897437997_n&quot;,&quot;ratio&quot;:&quot;0.80&quot;,&quot;sizes&quot;:{&quot;full&quot;:640,&quot;low&quot;:320,&quot;thumb&quot;:150},&quot;extension&quot;:&quot;.webp&quot;},&quot;18007460867708604&quot;:{&quot;id&quot;:&quot;680663921_1592515939543362_7784660640392494554_n&quot;,&quot;ratio&quot;:&quot;0.80&quot;,&quot;sizes&quot;:{&quot;full&quot;:640,&quot;low&quot;:320,&quot;thumb&quot;:150},&quot;extension&quot;:&quot;.webp&quot;},&quot;17929553397257147&quot;:{&quot;id&quot;:&quot;683964595_1594470239347932_1968585034564545631_n&quot;,&quot;ratio&quot;:&quot;0.80&quot;,&quot;sizes&quot;:{&quot;full&quot;:640,&quot;low&quot;:320,&quot;thumb&quot;:150},&quot;extension&quot;:&quot;.webp&quot;}}\">\n\t<\/span>\n\t<\/div>\n\n[\/et_pb_code][\/et_pb_column][\/et_pb_row][\/et_pb_section]<\/p>\n","protected":false},"excerpt":{"rendered":"<p>THE BEST OF OUR LANDWe act in several regions of our country that are well-known for coffee production.With the commitment of our entire team and the assistance of the Cooxup\u00e9 service centers, we share knowledge about the production and marketing of specialty coffees, always in search of beans that are unique in flavor and history.TRANSPARENCY [&hellip;]<\/p>\n","protected":false},"author":1,"featured_media":0,"parent":0,"menu_order":0,"comment_status":"closed","ping_status":"closed","template":"","meta":{"_acf_changed":false,"_et_pb_use_builder":"on","_et_pb_old_content":"","_et_gb_content_width":"","footnotes":""},"class_list":["post-65","page","type-page","status-publish","hentry"],"acf":[],"yoast_head":"<!-- This site is optimized with the Yoast SEO plugin v27.5 - https:\/\/yoast.com\/product\/yoast-seo-wordpress\/ -->\n<title>Our Origins - SMC Specialty Coffees<\/title>\n<meta name=\"robots\" content=\"index, follow, max-snippet:-1, max-image-preview:large, max-video-preview:-1\" \/>\n<link rel=\"canonical\" href=\"https:\/\/smccafe.com.br\/en\/our-origins\/\" \/>\n<meta property=\"og:locale\" content=\"en_US\" \/>\n<meta property=\"og:type\" content=\"article\" \/>\n<meta property=\"og:title\" content=\"Our Origins - SMC Specialty Coffees\" \/>\n<meta property=\"og:description\" content=\"THE BEST OF OUR LANDWe act in several regions of our country that are well-known for coffee production.With the commitment of our entire team and the assistance of the Cooxup\u00e9 service centers, we share knowledge about the production and marketing of specialty coffees, always in search of beans that are unique in flavor and history.TRANSPARENCY [&hellip;]\" \/>\n<meta property=\"og:url\" content=\"https:\/\/smccafe.com.br\/en\/our-origins\/\" \/>\n<meta property=\"og:site_name\" content=\"SMC Specialty Coffees\" \/>\n<meta property=\"article:publisher\" content=\"https:\/\/www.facebook.com\/smccafebr\" \/>\n<meta property=\"article:modified_time\" content=\"2023-09-25T12:30:11+00:00\" \/>\n<meta property=\"og:image\" content=\"https:\/\/smccafe.com.br\/en\/wp-content\/uploads\/2023\/06\/23-site-smc-origem-sul-300x225-1.jpeg\" \/>\n<meta name=\"twitter:card\" content=\"summary_large_image\" \/>\n<meta name=\"twitter:label1\" content=\"Est. reading time\" \/>\n\t<meta name=\"twitter:data1\" content=\"14 minutes\" \/>\n<script type=\"application\/ld+json\" class=\"yoast-schema-graph\">{\"@context\":\"https:\\\/\\\/schema.org\",\"@graph\":[{\"@type\":\"WebPage\",\"@id\":\"https:\\\/\\\/smccafe.com.br\\\/en\\\/our-origins\\\/\",\"url\":\"https:\\\/\\\/smccafe.com.br\\\/en\\\/our-origins\\\/\",\"name\":\"Our Origins - SMC Specialty Coffees\",\"isPartOf\":{\"@id\":\"https:\\\/\\\/smccafe.com.br\\\/en\\\/#website\"},\"primaryImageOfPage\":{\"@id\":\"https:\\\/\\\/smccafe.com.br\\\/en\\\/our-origins\\\/#primaryimage\"},\"image\":{\"@id\":\"https:\\\/\\\/smccafe.com.br\\\/en\\\/our-origins\\\/#primaryimage\"},\"thumbnailUrl\":\"https:\\\/\\\/smccafe.com.br\\\/en\\\/wp-content\\\/uploads\\\/2023\\\/06\\\/23-site-smc-origem-sul-300x225-1.jpeg\",\"datePublished\":\"2023-06-05T14:14:24+00:00\",\"dateModified\":\"2023-09-25T12:30:11+00:00\",\"breadcrumb\":{\"@id\":\"https:\\\/\\\/smccafe.com.br\\\/en\\\/our-origins\\\/#breadcrumb\"},\"inLanguage\":\"en-US\",\"potentialAction\":[{\"@type\":\"ReadAction\",\"target\":[\"https:\\\/\\\/smccafe.com.br\\\/en\\\/our-origins\\\/\"]}]},{\"@type\":\"ImageObject\",\"inLanguage\":\"en-US\",\"@id\":\"https:\\\/\\\/smccafe.com.br\\\/en\\\/our-origins\\\/#primaryimage\",\"url\":\"https:\\\/\\\/smccafe.com.br\\\/en\\\/wp-content\\\/uploads\\\/2023\\\/06\\\/23-site-smc-origem-sul-300x225-1.jpeg\",\"contentUrl\":\"https:\\\/\\\/smccafe.com.br\\\/en\\\/wp-content\\\/uploads\\\/2023\\\/06\\\/23-site-smc-origem-sul-300x225-1.jpeg\",\"width\":1024,\"height\":768},{\"@type\":\"BreadcrumbList\",\"@id\":\"https:\\\/\\\/smccafe.com.br\\\/en\\\/our-origins\\\/#breadcrumb\",\"itemListElement\":[{\"@type\":\"ListItem\",\"position\":1,\"name\":\"Home\",\"item\":\"https:\\\/\\\/smccafe.com.br\\\/en\\\/\"},{\"@type\":\"ListItem\",\"position\":2,\"name\":\"Our Origins\"}]},{\"@type\":\"WebSite\",\"@id\":\"https:\\\/\\\/smccafe.com.br\\\/en\\\/#website\",\"url\":\"https:\\\/\\\/smccafe.com.br\\\/en\\\/\",\"name\":\"SMC Specialty Coffees\",\"description\":\"\",\"publisher\":{\"@id\":\"https:\\\/\\\/smccafe.com.br\\\/en\\\/#organization\"},\"potentialAction\":[{\"@type\":\"SearchAction\",\"target\":{\"@type\":\"EntryPoint\",\"urlTemplate\":\"https:\\\/\\\/smccafe.com.br\\\/en\\\/?s={search_term_string}\"},\"query-input\":{\"@type\":\"PropertyValueSpecification\",\"valueRequired\":true,\"valueName\":\"search_term_string\"}}],\"inLanguage\":\"en-US\"},{\"@type\":\"Organization\",\"@id\":\"https:\\\/\\\/smccafe.com.br\\\/en\\\/#organization\",\"name\":\"SMC Specialty Coffees\",\"url\":\"https:\\\/\\\/smccafe.com.br\\\/en\\\/\",\"logo\":{\"@type\":\"ImageObject\",\"inLanguage\":\"en-US\",\"@id\":\"https:\\\/\\\/smccafe.com.br\\\/en\\\/#\\\/schema\\\/logo\\\/image\\\/\",\"url\":\"https:\\\/\\\/smccafe.com.br\\\/en\\\/wp-content\\\/uploads\\\/2023\\\/06\\\/logo-rodape.png\",\"contentUrl\":\"https:\\\/\\\/smccafe.com.br\\\/en\\\/wp-content\\\/uploads\\\/2023\\\/06\\\/logo-rodape.png\",\"width\":500,\"height\":196,\"caption\":\"SMC Specialty Coffees\"},\"image\":{\"@id\":\"https:\\\/\\\/smccafe.com.br\\\/en\\\/#\\\/schema\\\/logo\\\/image\\\/\"},\"sameAs\":[\"https:\\\/\\\/www.facebook.com\\\/smccafebr\"]}]}<\/script>\n<!-- \/ Yoast SEO plugin. -->","yoast_head_json":{"title":"Our Origins - SMC Specialty Coffees","robots":{"index":"index","follow":"follow","max-snippet":"max-snippet:-1","max-image-preview":"max-image-preview:large","max-video-preview":"max-video-preview:-1"},"canonical":"https:\/\/smccafe.com.br\/en\/our-origins\/","og_locale":"en_US","og_type":"article","og_title":"Our Origins - SMC Specialty Coffees","og_description":"THE BEST OF OUR LANDWe act in several regions of our country that are well-known for coffee production.With the commitment of our entire team and the assistance of the Cooxup\u00e9 service centers, we share knowledge about the production and marketing of specialty coffees, always in search of beans that are unique in flavor and history.TRANSPARENCY [&hellip;]","og_url":"https:\/\/smccafe.com.br\/en\/our-origins\/","og_site_name":"SMC Specialty Coffees","article_publisher":"https:\/\/www.facebook.com\/smccafebr","article_modified_time":"2023-09-25T12:30:11+00:00","og_image":[{"url":"https:\/\/smccafe.com.br\/en\/wp-content\/uploads\/2023\/06\/23-site-smc-origem-sul-300x225-1.jpeg","type":"","width":"","height":""}],"twitter_card":"summary_large_image","twitter_misc":{"Est. reading time":"14 minutes"},"schema":{"@context":"https:\/\/schema.org","@graph":[{"@type":"WebPage","@id":"https:\/\/smccafe.com.br\/en\/our-origins\/","url":"https:\/\/smccafe.com.br\/en\/our-origins\/","name":"Our Origins - SMC Specialty Coffees","isPartOf":{"@id":"https:\/\/smccafe.com.br\/en\/#website"},"primaryImageOfPage":{"@id":"https:\/\/smccafe.com.br\/en\/our-origins\/#primaryimage"},"image":{"@id":"https:\/\/smccafe.com.br\/en\/our-origins\/#primaryimage"},"thumbnailUrl":"https:\/\/smccafe.com.br\/en\/wp-content\/uploads\/2023\/06\/23-site-smc-origem-sul-300x225-1.jpeg","datePublished":"2023-06-05T14:14:24+00:00","dateModified":"2023-09-25T12:30:11+00:00","breadcrumb":{"@id":"https:\/\/smccafe.com.br\/en\/our-origins\/#breadcrumb"},"inLanguage":"en-US","potentialAction":[{"@type":"ReadAction","target":["https:\/\/smccafe.com.br\/en\/our-origins\/"]}]},{"@type":"ImageObject","inLanguage":"en-US","@id":"https:\/\/smccafe.com.br\/en\/our-origins\/#primaryimage","url":"https:\/\/smccafe.com.br\/en\/wp-content\/uploads\/2023\/06\/23-site-smc-origem-sul-300x225-1.jpeg","contentUrl":"https:\/\/smccafe.com.br\/en\/wp-content\/uploads\/2023\/06\/23-site-smc-origem-sul-300x225-1.jpeg","width":1024,"height":768},{"@type":"BreadcrumbList","@id":"https:\/\/smccafe.com.br\/en\/our-origins\/#breadcrumb","itemListElement":[{"@type":"ListItem","position":1,"name":"Home","item":"https:\/\/smccafe.com.br\/en\/"},{"@type":"ListItem","position":2,"name":"Our Origins"}]},{"@type":"WebSite","@id":"https:\/\/smccafe.com.br\/en\/#website","url":"https:\/\/smccafe.com.br\/en\/","name":"SMC Specialty Coffees","description":"","publisher":{"@id":"https:\/\/smccafe.com.br\/en\/#organization"},"potentialAction":[{"@type":"SearchAction","target":{"@type":"EntryPoint","urlTemplate":"https:\/\/smccafe.com.br\/en\/?s={search_term_string}"},"query-input":{"@type":"PropertyValueSpecification","valueRequired":true,"valueName":"search_term_string"}}],"inLanguage":"en-US"},{"@type":"Organization","@id":"https:\/\/smccafe.com.br\/en\/#organization","name":"SMC Specialty Coffees","url":"https:\/\/smccafe.com.br\/en\/","logo":{"@type":"ImageObject","inLanguage":"en-US","@id":"https:\/\/smccafe.com.br\/en\/#\/schema\/logo\/image\/","url":"https:\/\/smccafe.com.br\/en\/wp-content\/uploads\/2023\/06\/logo-rodape.png","contentUrl":"https:\/\/smccafe.com.br\/en\/wp-content\/uploads\/2023\/06\/logo-rodape.png","width":500,"height":196,"caption":"SMC Specialty Coffees"},"image":{"@id":"https:\/\/smccafe.com.br\/en\/#\/schema\/logo\/image\/"},"sameAs":["https:\/\/www.facebook.com\/smccafebr"]}]}},"_links":{"self":[{"href":"https:\/\/smccafe.com.br\/en\/wp-json\/wp\/v2\/pages\/65","targetHints":{"allow":["GET"]}}],"collection":[{"href":"https:\/\/smccafe.com.br\/en\/wp-json\/wp\/v2\/pages"}],"about":[{"href":"https:\/\/smccafe.com.br\/en\/wp-json\/wp\/v2\/types\/page"}],"author":[{"embeddable":true,"href":"https:\/\/smccafe.com.br\/en\/wp-json\/wp\/v2\/users\/1"}],"replies":[{"embeddable":true,"href":"https:\/\/smccafe.com.br\/en\/wp-json\/wp\/v2\/comments?post=65"}],"version-history":[{"count":8,"href":"https:\/\/smccafe.com.br\/en\/wp-json\/wp\/v2\/pages\/65\/revisions"}],"predecessor-version":[{"id":349,"href":"https:\/\/smccafe.com.br\/en\/wp-json\/wp\/v2\/pages\/65\/revisions\/349"}],"wp:attachment":[{"href":"https:\/\/smccafe.com.br\/en\/wp-json\/wp\/v2\/media?parent=65"}],"curies":[{"name":"wp","href":"https:\/\/api.w.org\/{rel}","templated":true}]}}